{"id":2718,"date":"2021-10-06T16:27:40","date_gmt":"2021-10-06T16:27:40","guid":{"rendered":"https:\/\/thehome.redhencreative.co.uk\/?post_type=property&#038;p=2718"},"modified":"2021-11-05T10:27:14","modified_gmt":"2021-11-05T10:27:14","slug":"en-exclusivite-vente-villa-a-manosque","status":"publish","type":"property","link":"https:\/\/thehome-immobiliere.com\/en\/property\/en-exclusivite-vente-villa-a-manosque","title":{"rendered":"EXCLUSIVE, Villa for sale in Manosque"},"content":{"rendered":"<p>EXCLUSIVE, Sale villa in Manosque, 45 minutes from Aix en Provence and TGV station and 25 minutes from Cadarache Iter, pretty single storey villa of about 150 m\u00b2 with garage of about 25 m\u00b2 on 1142 m\u00b2 of secure land . It consists of a pretty living room of around 50 m\u00b2 with its open kitchen, a 25 m\u00b2 veranda, 3 bedrooms, an office, and a large bathroom with separate toilet. A landscaped garden will seduce you with its calm and sunshine. You will also have a heated swimming pool with its poolhouse and a storage room. Rare for sale in a very quiet area of Manosque. FAI \/ MDT104 DPE D. The Home Immobili\u00e8re. Sellers fees.<\/p>","protected":false},"excerpt":{"rendered":"<p>En EXCLUSIVITE, Vente villa \u00e0 Manosque, \u00e0 45 minutes d&#8217;Aix en Provence et gare TGV et \u00e0 25 minutes de Cadarache Iter, jolie villa de plain pied d&#8217;environ 150 m\u00b2 avec garage d&#8217;environ 25 m\u00b2 sur 1142 m\u00b2 de terrain s\u00e9curis\u00e9. Elle se compose d&#8217;une jolie pi\u00e8ce de vie d&#8217;environ 50 m\u00b2 avec sa cuisine [&hellip;]<\/p>","protected":false},"author":1,"featured_media":2720,"parent":0,"menu_order":0,"template":"","property_type":[98],"property_status":[97],"property_feature":[95,94,90,96,93],"property_label":[],"property_country":[61],"property_state":[91],"property_city":[92],"property_area":[],"class_list":["post-2718","property","type-property","status-publish","has-post-thumbnail","hentry","property_type-villa","property_status-vendu","property_feature-garage","property_feature-jardin-paysager","property_feature-piscine-chauffee","property_feature-veranda","property_feature-zone-tranquille","property_country-la-france","property_state-alpes-de-haute-provence","property_city-manosque"],"property_meta":{"_edit_lock":["1641986809:1"],"_edit_last":["1"],"fave_property_price":["480,000"],"fave_property_size":["148"],"fave_property_land":["1144"],"fave_property_bedrooms":["4"],"fave_property_bathrooms":["1"],"fave_property_year":["1982"],"fave_property_id":["104"],"fave_property_map":["0"],"fave_property_location":["25.68654,-80.431345,15"],"houzez_geolocation_lat":["25.68654"],"houzez_geolocation_long":["-80.431345"],"fave_property_map_street_view":["hide"],"fave_featured":["0"],"fave_loggedintoview":["0"],"fave_agent_display_option":["agent_info"],"fave_agents":["156"],"fave_property_agency":["-1"],"fave_prop_homeslider":["yes"],"fave_single_top_area":["global"],"fave_single_content_area":["simple"],"additional_features":["a:6:{i:0;a:2:{s:29:\"fave_additional_feature_title\";s:17:\"Nombre de pi\u00e8ces\";s:29:\"fave_additional_feature_value\";s:1:\"5\";}i:1;a:2:{s:29:\"fave_additional_feature_title\";s:19:\"Nombre de terrasses\";s:29:\"fave_additional_feature_value\";s:1:\"2\";}i:2;a:2:{s:29:\"fave_additional_feature_title\";s:12:\"Nombre de WC\";s:29:\"fave_additional_feature_value\";s:1:\"1\";}i:3;a:2:{s:29:\"fave_additional_feature_title\";s:7:\"Cuisine\";s:29:\"fave_additional_feature_value\";s:21:\"Am\u00e9ricaine \u00e9quip\u00e9e\";}i:4;a:2:{s:29:\"fave_additional_feature_title\";s:14:\"Assainissement\";s:29:\"fave_additional_feature_value\";s:16:\"Tout \u00e0 l'\u00e9gout\";}i:5;a:2:{s:29:\"fave_additional_feature_title\";s:9:\"Chauffage\";s:29:\"fave_additional_feature_value\";s:20:\"Air\/pompe \u00e0 chaleur\";}}"],"rs_page_bg_color":[""],"houzez_manual_expire":["0"],"_houzez_expiration_date_status":["saved"],"houzez_total_property_views":["2408"],"houzez_views_by_date":["a:61:{s:10:\"02-25-2026\";i:2;s:10:\"02-26-2026\";i:1;s:10:\"02-27-2026\";i:2;s:10:\"02-28-2026\";i:2;s:10:\"03-02-2026\";i:3;s:10:\"03-05-2026\";i:2;s:10:\"03-06-2026\";i:1;s:10:\"03-07-2026\";i:1;s:10:\"03-08-2026\";i:2;s:10:\"03-09-2026\";i:2;s:10:\"03-10-2026\";i:6;s:10:\"03-11-2026\";i:22;s:10:\"03-12-2026\";i:3;s:10:\"03-13-2026\";i:1;s:10:\"03-14-2026\";i:3;s:10:\"03-15-2026\";i:2;s:10:\"03-16-2026\";i:6;s:10:\"03-17-2026\";i:2;s:10:\"03-18-2026\";i:2;s:10:\"03-19-2026\";i:1;s:10:\"03-20-2026\";i:3;s:10:\"03-21-2026\";i:6;s:10:\"03-22-2026\";i:3;s:10:\"03-23-2026\";i:8;s:10:\"03-24-2026\";i:2;s:10:\"03-25-2026\";i:7;s:10:\"03-26-2026\";i:2;s:10:\"03-27-2026\";i:5;s:10:\"03-28-2026\";i:4;s:10:\"03-29-2026\";i:5;s:10:\"03-30-2026\";i:4;s:10:\"03-31-2026\";i:5;s:10:\"04-01-2026\";i:1;s:10:\"04-02-2026\";i:2;s:10:\"04-03-2026\";i:2;s:10:\"04-04-2026\";i:3;s:10:\"04-05-2026\";i:2;s:10:\"04-06-2026\";i:6;s:10:\"04-07-2026\";i:2;s:10:\"04-08-2026\";i:3;s:10:\"04-10-2026\";i:6;s:10:\"04-11-2026\";i:6;s:10:\"04-12-2026\";i:2;s:10:\"04-13-2026\";i:3;s:10:\"04-14-2026\";i:1;s:10:\"04-15-2026\";i:2;s:10:\"04-16-2026\";i:2;s:10:\"04-17-2026\";i:2;s:10:\"04-18-2026\";i:4;s:10:\"04-19-2026\";i:1;s:10:\"04-20-2026\";i:2;s:10:\"04-21-2026\";i:4;s:10:\"04-22-2026\";i:2;s:10:\"04-24-2026\";i:5;s:10:\"04-25-2026\";i:3;s:10:\"04-26-2026\";i:1;s:10:\"04-27-2026\";i:4;s:10:\"04-28-2026\";i:3;s:10:\"04-29-2026\";i:4;s:10:\"04-30-2026\";i:3;s:10:\"05-01-2026\";i:4;}"],"houzez_recently_viewed":["2026-05-01 14:42:02"],"_thumbnail_id":["2720"],"fave_property_map_address":["Manosque"],"fave_energy_class":["D"],"fave_property_images":["2720","2726","2727","2725","2728","2729","2723","2722","2724","2730"],"fave_prop_slider_image":["2723"]},"_links":{"self":[{"href":"https:\/\/thehome-immobiliere.com\/en\/wp-json\/wp\/v2\/properties\/2718","targetHints":{"allow":["GET"]}}],"collection":[{"href":"https:\/\/thehome-immobiliere.com\/en\/wp-json\/wp\/v2\/properties"}],"about":[{"href":"https:\/\/thehome-immobiliere.com\/en\/wp-json\/wp\/v2\/types\/property"}],"author":[{"embeddable":true,"href":"https:\/\/thehome-immobiliere.com\/en\/wp-json\/wp\/v2\/users\/1"}],"version-history":[{"count":2,"href":"https:\/\/thehome-immobiliere.com\/en\/wp-json\/wp\/v2\/properties\/2718\/revisions"}],"predecessor-version":[{"id":2732,"href":"https:\/\/thehome-immobiliere.com\/en\/wp-json\/wp\/v2\/properties\/2718\/revisions\/2732"}],"wp:featuredmedia":[{"embeddable":true,"href":"https:\/\/thehome-immobiliere.com\/en\/wp-json\/wp\/v2\/media\/2720"}],"wp:attachment":[{"href":"https:\/\/thehome-immobiliere.com\/en\/wp-json\/wp\/v2\/media?parent=2718"}],"wp:term":[{"taxonomy":"property_type","embeddable":true,"href":"https:\/\/thehome-immobiliere.com\/en\/wp-json\/wp\/v2\/property_type?post=2718"},{"taxonomy":"property_status","embeddable":true,"href":"https:\/\/thehome-immobiliere.com\/en\/wp-json\/wp\/v2\/property_status?post=2718"},{"taxonomy":"property_feature","embeddable":true,"href":"https:\/\/thehome-immobiliere.com\/en\/wp-json\/wp\/v2\/property_feature?post=2718"},{"taxonomy":"property_label","embeddable":true,"href":"https:\/\/thehome-immobiliere.com\/en\/wp-json\/wp\/v2\/property_label?post=2718"},{"taxonomy":"property_country","embeddable":true,"href":"https:\/\/thehome-immobiliere.com\/en\/wp-json\/wp\/v2\/property_country?post=2718"},{"taxonomy":"property_state","embeddable":true,"href":"https:\/\/thehome-immobiliere.com\/en\/wp-json\/wp\/v2\/property_state?post=2718"},{"taxonomy":"property_city","embeddable":true,"href":"https:\/\/thehome-immobiliere.com\/en\/wp-json\/wp\/v2\/property_city?post=2718"},{"taxonomy":"property_area","embeddable":true,"href":"https:\/\/thehome-immobiliere.com\/en\/wp-json\/wp\/v2\/property_area?post=2718"}],"curies":[{"name":"wp","href":"https:\/\/api.w.org\/{rel}","templated":true}]}}